{"id":7198,"date":"2020-02-19T14:14:55","date_gmt":"2020-02-19T13:14:55","guid":{"rendered":"https:\/\/www.cng-mobility.ch\/?page_id=7198"},"modified":"2020-02-19T15:33:41","modified_gmt":"2020-02-19T14:33:41","slug":"gims2020","status":"publish","type":"page","link":"https:\/\/www.cng-mobility.ch\/it\/gims2020\/","title":{"rendered":"La mobilit\u00e0 sostenibile diventa realt\u00e0"},"content":{"rendered":"\n<p><strong>Nessun altro evento legato all\u2019automobile in Svizzera gode di uno status cos\u00ec prestigioso come il Geneva International Motor Show (GIMS). Dal 5 al 15 marzo 2020 a maggior ragione, perch\u00e9 il Salone dell\u2019automobile si trasformer\u00e0 in fiera della mobilit\u00e0. Ci sar\u00e0 anche CNG-Mobility con una serie di conferenze nel padiglione 6.<\/strong><\/p>\n\n\n\n<p>I visitatori del 90\u00b0 Salone dell\u2019automobile di Ginevra potranno approfittare quest\u2019anno di una serie di eventi speciali, tra cui un\u2019interessante serie di conferenze pubbliche. CNG-Mobility partecipa a questo evento sulla mobilit\u00e0 attuale e futura: nell\u2019ambito del GIMS Tech nel padiglione 6, le societ\u00e0 regionali dell\u2019industria svizzera del gas organizzano quattro interessanti conferenze con relatori di elevata caratura. L\u2019attenzione si concentra su vari aspetti della mobilit\u00e0 ecologica. <\/p>\n\n\n\n<p style=\"font-size:24px\">Gioved\u00ec 5 marzo 2020, dalle 13.15 alle 14.00<br><strong>\u00abIl CNG dal punto di vista dei produttori, dei rivenditori e dei clienti\u00bb<\/strong><\/p>\n\n\n\n<figure class=\"wp-block-image size-large is-resized\"><img loading=\"lazy\" decoding=\"async\" src=\"https:\/\/www.cng-mobility.ch\/wp-content\/uploads\/2020\/02\/02_Jens_Andersen_800x400px.jpg\" alt=\"\" class=\"wp-image-6945\" width=\"800\" height=\"400\" srcset=\"https:\/\/www.cng-mobility.ch\/wp-content\/uploads\/2020\/02\/02_Jens_Andersen_800x400px.jpg 800w, https:\/\/www.cng-mobility.ch\/wp-content\/uploads\/2020\/02\/02_Jens_Andersen_800x400px-300x150.jpg 300w, https:\/\/www.cng-mobility.ch\/wp-content\/uploads\/2020\/02\/02_Jens_Andersen_800x400px-768x384.jpg 768w, https:\/\/www.cng-mobility.ch\/wp-content\/uploads\/2020\/02\/02_Jens_Andersen_800x400px-400x200.jpg 400w\" sizes=\"(max-width: 800px) 100vw, 800px\" \/><\/figure>\n\n\n\n<p>Il <strong>Dr. Jens Andersen<\/strong> ha lavorato per oltre 20 anni come manager automobilistico in varie posizioni presso Volkswagen AG, terminando con quella di Head of Group Technology Strategy &amp; Group Officer CNG Mobility, in cui era responsabile delle attivit\u00e0 CNG per il massimo produttore di automobili al mondo. Dal 2018 Jens Andersen offre consulenza ad aziende e organizzazioni sulla mobilit\u00e0 sostenibile in qualit\u00e0 di esperto a livello internazionale. <\/p>\n\n\n\n<hr class=\"wp-block-separator\"\/>\n\n\n\n<p style=\"font-size:24px\">Marted\u00ec 10 marzo 2020, dalle 11.30 alle 12.15<br><strong>\u00abZero emissioni nette di CO<sub>2<\/sub> entro il 2050: cosa significa per il trasporto stradale\u00bb<\/strong><\/p>\n\n\n\n<figure class=\"wp-block-image size-large is-resized\"><img loading=\"lazy\" decoding=\"async\" src=\"https:\/\/www.cng-mobility.ch\/wp-content\/uploads\/2020\/02\/03_Christian_Bach_800x400px.jpg\" alt=\"\" class=\"wp-image-6930\" width=\"800\" height=\"400\" srcset=\"https:\/\/www.cng-mobility.ch\/wp-content\/uploads\/2020\/02\/03_Christian_Bach_800x400px.jpg 800w, https:\/\/www.cng-mobility.ch\/wp-content\/uploads\/2020\/02\/03_Christian_Bach_800x400px-300x150.jpg 300w, https:\/\/www.cng-mobility.ch\/wp-content\/uploads\/2020\/02\/03_Christian_Bach_800x400px-768x384.jpg 768w, https:\/\/www.cng-mobility.ch\/wp-content\/uploads\/2020\/02\/03_Christian_Bach_800x400px-400x200.jpg 400w\" sizes=\"(max-width: 800px) 100vw, 800px\" \/><\/figure>\n\n\n\n<p><strong>Christian Bach<\/strong>, responsabile del settore Sistemi di propulsione dei veicoli dell\u2019Empa, \u00e8 uno degli scienziati pi\u00f9 rinomati nel campo della ricerca sulle motorizzazioni. Il suo istituto, che fa parte del Politecnico federale di Zurigo (ETH), gode di un\u2019eccellente reputazione internazionale. Insieme al suo team, Christian Bach detiene il record mondiale di efficienza per le autovetture con motore a combustione. Da anni lavora per una riduzione efficace delle emissioni di CO<sub>2<\/sub> nel trasporto individuale motorizzato. <\/p>\n\n\n\n<hr class=\"wp-block-separator\"\/>\n\n\n\n<p style=\"font-size:24px\">Mercoled\u00ec 11 marzo 2020, dalle 11.30 alle 12.15<br><strong>\u00abDriver\u2019s Choice: i criteri in base ai quali si decide per un determinato acquisto\u00bb<\/strong><\/p>\n\n\n\n<figure class=\"wp-block-image size-large is-resized\"><img loading=\"lazy\" decoding=\"async\" src=\"https:\/\/www.cng-mobility.ch\/wp-content\/uploads\/2020\/02\/04_Stefan_Reiser_800x400px.jpg\" alt=\"\" class=\"wp-image-6933\" width=\"800\" height=\"400\" srcset=\"https:\/\/www.cng-mobility.ch\/wp-content\/uploads\/2020\/02\/04_Stefan_Reiser_800x400px.jpg 800w, https:\/\/www.cng-mobility.ch\/wp-content\/uploads\/2020\/02\/04_Stefan_Reiser_800x400px-300x150.jpg 300w, https:\/\/www.cng-mobility.ch\/wp-content\/uploads\/2020\/02\/04_Stefan_Reiser_800x400px-768x384.jpg 768w, https:\/\/www.cng-mobility.ch\/wp-content\/uploads\/2020\/02\/04_Stefan_Reiser_800x400px-400x200.jpg 400w\" sizes=\"(max-width: 800px) 100vw, 800px\" \/><\/figure>\n\n\n\n<p><strong>Stefan Reiser<\/strong> ha studiato informatica di gestione e dal 2005 ha lavorato nel settore ricerca di mercato e Market Intelligence, tra l\u2019altro come responsabile dell\u2019unit\u00e0 di ricerca automobilistica, presso l\u2019istituto di ricerca globale Ipsos. Ha gestito vari studi di mercato per costruttori e fornitori di autovetture e veicoli commerciali, oltre che per diversi gruppi di concessionari e garagisti, fra l\u2019altro nell\u2019ambito dell\u2019accettazione dei nuovi veicoli, della clienti e dell\u2019after-sale. Dall\u2019inizio del 2019 Stefan Reiser \u00e8 responsabile della ricerca di mercato presso il LINK Institut di Zurigo. A Ginevra, Reiser presenta i risultati di una ricerca di mercato rappresentativa, condotta nell\u2019ottobre 2019 dal suo istituto per conto dell\u2019Unione professionale svizzera dell\u2019automobile (UPSA) su oltre 1000 automobilisti svizzeri.  <\/p>\n\n\n\n<hr class=\"wp-block-separator\"\/>\n\n\n\n<p style=\"font-size:24px\">Gioved\u00ec 12 marzo 2020, dalle 11.30 alle 12.15<br><strong>\u00abEcco come ripaga la mobilit\u00e0\u00bb<\/strong><\/p>\n\n\n\n<figure class=\"wp-block-image size-large is-resized\"><img loading=\"lazy\" decoding=\"async\" src=\"https:\/\/www.cng-mobility.ch\/wp-content\/uploads\/2020\/02\/05_Wittweiler__Carrillat_800x400px.jpg\" alt=\"\" class=\"wp-image-6936\" width=\"800\" height=\"400\" srcset=\"https:\/\/www.cng-mobility.ch\/wp-content\/uploads\/2020\/02\/05_Wittweiler__Carrillat_800x400px.jpg 800w, https:\/\/www.cng-mobility.ch\/wp-content\/uploads\/2020\/02\/05_Wittweiler__Carrillat_800x400px-300x150.jpg 300w, https:\/\/www.cng-mobility.ch\/wp-content\/uploads\/2020\/02\/05_Wittweiler__Carrillat_800x400px-768x384.jpg 768w, https:\/\/www.cng-mobility.ch\/wp-content\/uploads\/2020\/02\/05_Wittweiler__Carrillat_800x400px-400x200.jpg 400w\" sizes=\"(max-width: 800px) 100vw, 800px\" \/><\/figure>\n\n\n\n<p>In qualit\u00e0 di Country Sustainability Manager, <strong>Patrick Wittweiler<\/strong> \u00e8 responsabile di garantire che la strategia di sostenibilit\u00e0 di Coca-Cola venga attuata anche in Svizzera. La riduzione delle emissioni di CO<sub>2<\/sub> costituisce una priorit\u00e0 tra gli obiettivi di sostenibilit\u00e0 dell\u2019azienda. In questo contesto, Coca-Cola Svizzera punta anche sulla mobilit\u00e0 a CNG. Sotto la direzione di Patrick Wittweiler, l\u2019azienda ha recentemente sostituito gran parte del suo parco veicoli. Questo \u00e8 stato il frutto di lunga valutazione per garantire il miglior equilibrio possibile tra economia ed ecologia. Patrick Wittweiler illustrer\u00e0 i criteri utilizzati per attuare una decisione di cos\u00ec ampia portata e come la mobilit\u00e0 sostenibile ripaga oggi.  <br><br>Dopo la conferenza, <strong>Jean-Christophe Carrillat<\/strong>, Purchasing Director di L\u2019Or\u00e9al Suisse, risponder\u00e0 alle domande del pubblico. Come Coca-Cola, anche L\u2019Or\u00e9al Suisse ha sostituito parte della sua flotta con veicoli a CNG. Jean-Christophe Carrillat parler\u00e0 in esclusiva delle sue esperienze. <br><\/p>\n\n\n\n<h3 class=\"wp-block-heading\"><strong>Siete i benvenuti!<\/strong><\/h3>\n\n\n\n<p>Le conferenze sono aperte al pubblico, ma il numero di posti \u00e8 limitato; sono disponibili 200 posti a sedere al massimo. Dopo le conferenze, i relatori saranno a disposizione per domande e per uno scambio specialistico presso lo stand di gazenergie (stand n. 6120) nel padiglione 6\/GIMS-Tech. Non lasciatevi sfuggire questa opportunit\u00e0! <\/p>\n\n\n\n<p>Per garantire un\u2019organizzazione ottimale, l\u2019iscrizione \u00e8 obbligatoria. <\/p>\n\n\n\n\n<div class=\"wpcf7 no-js\" id=\"wpcf7-f7201-o1\" lang=\"de-DE\" dir=\"ltr\">\n<div class=\"screen-reader-response\"><p role=\"status\" aria-live=\"polite\" aria-atomic=\"true\"><\/p> <ul><\/ul><\/div>\n<form action=\"\/it\/wp-json\/wp\/v2\/pages\/7198#wpcf7-f7201-o1\" method=\"post\" class=\"wpcf7-form init cmonitor-ext-0.4.67\" aria-label=\"Kontaktformular\" novalidate=\"novalidate\" data-status=\"init\">\n<div style=\"display: none;\">\n<input type=\"hidden\" name=\"_wpcf7\" value=\"7201\" \/>\n<input type=\"hidden\" name=\"_wpcf7_version\" value=\"5.9.3\" \/>\n<input type=\"hidden\" name=\"_wpcf7_locale\" value=\"de_DE\" \/>\n<input type=\"hidden\" name=\"_wpcf7_unit_tag\" value=\"wpcf7-f7201-o1\" \/>\n<input type=\"hidden\" name=\"_wpcf7_container_post\" value=\"0\" \/>\n<input type=\"hidden\" name=\"_wpcf7_posted_data_hash\" value=\"\" \/>\n<input type=\"hidden\" name=\"_wpcf7_recaptcha_response\" value=\"\" \/>\n<\/div>\n<p><label class=\"checkboxlabel\">Desidero assistere alla\/e seguente\/i conferenza\/e:<\/label>\n<\/p>\n<p><span class=\"wpcf7-form-control-wrap\" data-name=\"checkbox-842\"><span class=\"wpcf7-form-control wpcf7-checkbox wpcf7-validates-as-required\"><span class=\"wpcf7-list-item first\"><label><input type=\"checkbox\" name=\"checkbox-842[]\" value=\"Gioved\u00ec 5 marzo, dalle 13.15 alle 14.00 (Dr. Jens Andersen)\" \/><span class=\"wpcf7-list-item-label\">Gioved\u00ec 5 marzo, dalle 13.15 alle 14.00 (Dr. Jens Andersen)<\/span><\/label><\/span><span class=\"wpcf7-list-item\"><label><input type=\"checkbox\" name=\"checkbox-842[]\" value=\"Marted\u00ec 10 marzo, dalle 11.30 alle 12.15 (Christian Bach)\" \/><span class=\"wpcf7-list-item-label\">Marted\u00ec 10 marzo, dalle 11.30 alle 12.15 (Christian Bach)<\/span><\/label><\/span><span class=\"wpcf7-list-item\"><label><input type=\"checkbox\" name=\"checkbox-842[]\" value=\"Mercoled\u00ec 11 marzo, dalle 11.30 alle 12.15 (Stefan Reiser)\" \/><span class=\"wpcf7-list-item-label\">Mercoled\u00ec 11 marzo, dalle 11.30 alle 12.15 (Stefan Reiser)<\/span><\/label><\/span><span class=\"wpcf7-list-item last\"><label><input type=\"checkbox\" name=\"checkbox-842[]\" value=\"Gioved\u00ec 12 marzo, dalle 11.30 alle 12.15 (Patrick Wittweiler \/ Jean-Christophe Carrillat)\" \/><span class=\"wpcf7-list-item-label\">Gioved\u00ec 12 marzo, dalle 11.30 alle 12.15 (Patrick Wittweiler \/ Jean-Christophe Carrillat)<\/span><\/label><\/span><\/span><\/span>\n<\/p>\n<p><span class=\"wpcf7-form-control-wrap\" data-name=\"checkbox-673\"><span class=\"wpcf7-form-control wpcf7-checkbox\"><span class=\"wpcf7-list-item first last\"><label><input type=\"checkbox\" name=\"checkbox-673[]\" value=\"Al termine colgo l\u2019occasione di visitare lo stand di gazenergie (aperitivo)\" \/><span class=\"wpcf7-list-item-label\">Al termine colgo l\u2019occasione di visitare lo stand di gazenergie (aperitivo)<\/span><\/label><\/span><\/span><\/span>\n<\/p>\n<p><label> Cognome*<br \/>\n<span class=\"wpcf7-form-control-wrap\" data-name=\"nachname\"><input size=\"40\" class=\"wpcf7-form-control wpcf7-text wpcf7-validates-as-required\" aria-required=\"true\" aria-invalid=\"false\" value=\"\" type=\"text\" name=\"nachname\" \/><\/span> <\/label>\n<\/p>\n<p><label> Nome*<br \/>\n<span class=\"wpcf7-form-control-wrap\" data-name=\"vorname\"><input size=\"40\" class=\"wpcf7-form-control wpcf7-text wpcf7-validates-as-required\" aria-required=\"true\" aria-invalid=\"false\" value=\"\" type=\"text\" name=\"vorname\" \/><\/span> <\/label>\n<\/p>\n<p><label> Azienda<br \/>\n<span class=\"wpcf7-form-control-wrap\" data-name=\"firma\"><input size=\"40\" class=\"wpcf7-form-control wpcf7-text\" aria-invalid=\"false\" value=\"\" type=\"text\" name=\"firma\" \/><\/span> <\/label>\n<\/p>\n<p><label> e-mail*<br \/>\n<span class=\"wpcf7-form-control-wrap\" data-name=\"email\"><input size=\"40\" class=\"wpcf7-form-control wpcf7-email wpcf7-validates-as-required wpcf7-text wpcf7-validates-as-email\" aria-required=\"true\" aria-invalid=\"false\" value=\"\" type=\"email\" name=\"email\" \/><\/span> <\/label>\n<\/p>\n<p><span class=\"wpcf7-form-control-wrap\" data-name=\"checkbox-467\"><span class=\"wpcf7-form-control wpcf7-checkbox\"><span class=\"wpcf7-list-item first last\"><label><input type=\"checkbox\" name=\"checkbox-467[]\" value=\"Accetto di ricevere la newsletter mensile sulla mobilit\u00e0 a CNG\" \/><span class=\"wpcf7-list-item-label\">Accetto di ricevere la newsletter mensile sulla mobilit\u00e0 a CNG<\/span><\/label><\/span><\/span><\/span>\n<\/p>\n<p><input class=\"wpcf7-form-control wpcf7-submit has-spinner\" type=\"submit\" value=\"Invia\" \/>\n<\/p><div class=\"wpcf7-response-output\" aria-hidden=\"true\"><\/div><p style=\"display: none !important\"><span class=\"wpcf7-form-control-wrap referer-page\"><input type=\"text\" name=\"referer-page\" value=\"http:\/\/Direct%20Visit\" data-value=\"http:\/\/Direct%20Visit\" size=\"40\" class=\"wpcf7-form-control wpcf7-text referer-page\" aria-invalid=\"false\"><\/span><\/p>\n<!-- campaignmonitor extension by Renzo Johnson -->\n<\/form>\n<\/div>\n\n","protected":false},"excerpt":{"rendered":"<p>Nessun altro evento legato all\u2019automobile in Svizzera gode di uno status cos\u00ec prestigioso come il Geneva International Motor Show (GIMS). Dal 5 al 15 marzo 2020 a maggior ragione, perch\u00e9 il Salone dell\u2019automobile si trasformer\u00e0 in fiera della mobilit\u00e0. Ci sar\u00e0 anche CNG-Mobility con una serie di conferenze nel padiglione 6. I visitatori del 90\u00b0 [&hellip;]<\/p>\n","protected":false},"author":6,"featured_media":7221,"parent":0,"menu_order":0,"comment_status":"closed","ping_status":"closed","template":"","meta":{"_acf_changed":false,"inline_featured_image":false,"footnotes":""},"acf":[],"aioseo_notices":[],"_links":{"self":[{"href":"https:\/\/www.cng-mobility.ch\/it\/wp-json\/wp\/v2\/pages\/7198"}],"collection":[{"href":"https:\/\/www.cng-mobility.ch\/it\/wp-json\/wp\/v2\/pages"}],"about":[{"href":"https:\/\/www.cng-mobility.ch\/it\/wp-json\/wp\/v2\/types\/page"}],"author":[{"embeddable":true,"href":"https:\/\/www.cng-mobility.ch\/it\/wp-json\/wp\/v2\/users\/6"}],"replies":[{"embeddable":true,"href":"https:\/\/www.cng-mobility.ch\/it\/wp-json\/wp\/v2\/comments?post=7198"}],"version-history":[{"count":4,"href":"https:\/\/www.cng-mobility.ch\/it\/wp-json\/wp\/v2\/pages\/7198\/revisions"}],"predecessor-version":[{"id":7224,"href":"https:\/\/www.cng-mobility.ch\/it\/wp-json\/wp\/v2\/pages\/7198\/revisions\/7224"}],"wp:featuredmedia":[{"embeddable":true,"href":"https:\/\/www.cng-mobility.ch\/it\/wp-json\/wp\/v2\/media\/7221"}],"wp:attachment":[{"href":"https:\/\/www.cng-mobility.ch\/it\/wp-json\/wp\/v2\/media?parent=7198"}],"curies":[{"name":"wp","href":"https:\/\/api.w.org\/{rel}","templated":true}]}}