{"id":6950,"date":"2020-02-17T08:29:21","date_gmt":"2020-02-17T07:29:21","guid":{"rendered":"https:\/\/www.cng-mobility.ch\/?page_id=6950"},"modified":"2020-02-19T15:33:28","modified_gmt":"2020-02-19T14:33:28","slug":"gims2020","status":"publish","type":"page","link":"https:\/\/www.cng-mobility.ch\/fr\/gims2020\/","title":{"rendered":"Faire l\u2019exp\u00e9rience d\u2019une mobilit\u00e9 plus respectueuse de l\u2019environnement"},"content":{"rendered":"\n<p><strong>Aucun \u00e9v\u00e9nement en lien avec l\u2019automobile n\u2019occupe une place aussi importante que le \u00abGeneva International Motor Show\u00bb (GIMS) en Suisse. Et ce \u00e0 plus forte raison du 5 au 15&nbsp;mars&nbsp;2020, puisque le Salon de l\u2019auto se muera en un rendez-vous incontournable de la mobilit\u00e9. Au c\u0153ur de l\u2019action, la mobilit\u00e9 GNC proposera toute une s\u00e9rie de pr\u00e9sentations passionnantes dans la halle&nbsp;6.<\/strong> <\/p>\n\n\n\n<p> Les visiteurs du 90<sup>e<\/sup> Salon de l\u2019auto de Gen\u00e8ve pourront cette ann\u00e9e assister \u00e0 de nombreux \u00e9v\u00e9nements sp\u00e9ciaux, parmi lesquels toute une s\u00e9rie de conf\u00e9rences publiques tr\u00e8s int\u00e9ressantes. La mobilit\u00e9 GNC participe aussi aux nombreuses discussions sur la mobilit\u00e9 d\u2019aujourd\u2019hui et de demain. Dans le cadre offert par le forum de la halle&nbsp;6 (\u00abGIMS-Tech\u00bb), les soci\u00e9t\u00e9s r\u00e9gionales de l\u2019industrie suisse du gaz organiseront quatre conf\u00e9rences passionnantes avec des intervenants de haut vol. Ces pr\u00e9sentations tourneront autour des diff\u00e9rents aspects d\u2019une mobilit\u00e9 plus respectueuse de l\u2019environnement.  <\/p>\n\n\n\n<p style=\"font-size:24px\"> Jeudi 5&nbsp;mars&nbsp;2020, 13&nbsp;h&nbsp;15 \u2013 14&nbsp;h<br><strong>\u00abLe GNC vu par les constructeurs, les commer\u00e7ants et les clients\u00bb<\/strong> <\/p>\n\n\n\n<figure class=\"wp-block-image size-large is-resized\"><img loading=\"lazy\" decoding=\"async\" src=\"https:\/\/www.cng-mobility.ch\/wp-content\/uploads\/2020\/02\/02_Jens_Andersen_800x400px.jpg\" alt=\"\" class=\"wp-image-6946\" width=\"800\" height=\"400\" srcset=\"https:\/\/www.cng-mobility.ch\/wp-content\/uploads\/2020\/02\/02_Jens_Andersen_800x400px.jpg 800w, https:\/\/www.cng-mobility.ch\/wp-content\/uploads\/2020\/02\/02_Jens_Andersen_800x400px-300x150.jpg 300w, https:\/\/www.cng-mobility.ch\/wp-content\/uploads\/2020\/02\/02_Jens_Andersen_800x400px-768x384.jpg 768w, https:\/\/www.cng-mobility.ch\/wp-content\/uploads\/2020\/02\/02_Jens_Andersen_800x400px-400x200.jpg 400w\" sizes=\"(max-width: 800px) 100vw, 800px\" \/><\/figure>\n\n\n\n<p> <strong>Jens&nbsp;Andersen<\/strong> a occup\u00e9 pendant plus de 20&nbsp;ans diff\u00e9rents postes dans le domaine de la gestion automobile au sein de Volkswagen&nbsp;AG. \u00c0 son dernier poste de Head of Group Technology Strategy &amp; Group Officer CNG Mobility, il \u00e9tait responsable des activit\u00e9s GNC du plus grand fabricant de voitures de tourisme au monde. Depuis 2018, il conseille, en tant qu\u2019Executive Consultant du Dr. Jens&nbsp;Andersen Technology Strategy Expert Group, des entreprises et des organisations internationales pour une mobilit\u00e9 plus durable.<br> <\/p>\n\n\n\n<hr class=\"wp-block-separator\"\/>\n\n\n\n<p style=\"font-size:24px\"> Mardi 10&nbsp;mars&nbsp;2020, 11&nbsp;h&nbsp;30 &#8211; 12&nbsp;h&nbsp;15<br><strong>\u00abBilan carbone neutre d\u2019ici 2050, et ce que cela entra\u00eene pour le trafic routier\u00bb<\/strong> <\/p>\n\n\n\n<figure class=\"wp-block-image size-large is-resized\"><img loading=\"lazy\" decoding=\"async\" src=\"https:\/\/www.cng-mobility.ch\/wp-content\/uploads\/2020\/02\/03_Christian_Bach_800x400px.jpg\" alt=\"\" class=\"wp-image-6931\" width=\"800\" height=\"400\" srcset=\"https:\/\/www.cng-mobility.ch\/wp-content\/uploads\/2020\/02\/03_Christian_Bach_800x400px.jpg 800w, https:\/\/www.cng-mobility.ch\/wp-content\/uploads\/2020\/02\/03_Christian_Bach_800x400px-300x150.jpg 300w, https:\/\/www.cng-mobility.ch\/wp-content\/uploads\/2020\/02\/03_Christian_Bach_800x400px-768x384.jpg 768w, https:\/\/www.cng-mobility.ch\/wp-content\/uploads\/2020\/02\/03_Christian_Bach_800x400px-400x200.jpg 400w\" sizes=\"(max-width: 800px) 100vw, 800px\" \/><\/figure>\n\n\n\n<p>En tant que chef du Laboratoire Technologies de propulsion automobile \u00e0 l\u2019Empa, <strong>Christian&nbsp;Bach<\/strong> fait partie des scientifiques les plus c\u00e9l\u00e8bres du domaine de la recherche sur la propulsion. Son institut, qui appartient \u00e0 l\u2019\u00c9cole polytechnique f\u00e9d\u00e9rale (EPF), jouit d\u2019une excellente r\u00e9putation dans le monde entier. Avec son \u00e9quipe, Christian&nbsp;Bach d\u00e9tient actuellement le record du monde de l\u2019efficacit\u00e9 \u00e9nerg\u00e9tique sur voitures de tourisme avec moteur \u00e0 combustion. Il \u00e9tudie depuis des ann\u00e9es les possibilit\u00e9s efficaces d\u2019\u00e9conomie de CO<sub>2<\/sub> dans le trafic individuel motoris\u00e9.<br> <\/p>\n\n\n\n<hr class=\"wp-block-separator\"\/>\n\n\n\n<p style=\"font-size:24px\"> Mercredi 11&nbsp;mars&nbsp;2020, 11&nbsp;h&nbsp;30 &#8211; 12&nbsp;h&nbsp;15<br><strong>\u00abDriver\u2019s Choice: les crit\u00e8res qui doivent dicter une d\u00e9cision d\u2019achat\u00bb<\/strong> <\/p>\n\n\n\n<figure class=\"wp-block-image size-large is-resized\"><img loading=\"lazy\" decoding=\"async\" src=\"https:\/\/www.cng-mobility.ch\/wp-content\/uploads\/2020\/02\/04_Stefan_Reiser_800x400px.jpg\" alt=\"\" class=\"wp-image-6934\" width=\"800\" height=\"400\" srcset=\"https:\/\/www.cng-mobility.ch\/wp-content\/uploads\/2020\/02\/04_Stefan_Reiser_800x400px.jpg 800w, https:\/\/www.cng-mobility.ch\/wp-content\/uploads\/2020\/02\/04_Stefan_Reiser_800x400px-300x150.jpg 300w, https:\/\/www.cng-mobility.ch\/wp-content\/uploads\/2020\/02\/04_Stefan_Reiser_800x400px-768x384.jpg 768w, https:\/\/www.cng-mobility.ch\/wp-content\/uploads\/2020\/02\/04_Stefan_Reiser_800x400px-400x200.jpg 400w\" sizes=\"(max-width: 800px) 100vw, 800px\" \/><\/figure>\n\n\n\n<p> <strong>Stefan&nbsp;Reiser<\/strong> a effectu\u00e9 des \u00e9tudes en informatique de gestion et travaille depuis 2005 dans le domaine des \u00e9tudes de march\u00e9 et de l\u2019intelligence de march\u00e9, notamment en tant que responsable de l\u2019unit\u00e9 de recherche automobile de l\u2019institut global de recherche Ipsos. Il a ainsi dirig\u00e9 diff\u00e9rentes \u00e9tudes de march\u00e9 pour des constructeurs et des fournisseurs d\u2019automobiles et de v\u00e9hicules utilitaires ainsi que pour diff\u00e9rents groupes de commer\u00e7ants automobiles et garagistes, notamment dans les domaines de l\u2019acceptation de nouveaux v\u00e9hicules, de la satisfaction de la client\u00e8le ainsi que de l\u2019apr\u00e8s-vente. Depuis d\u00e9but 2019, Stefan&nbsp;Reiser est responsable du domaine Recherche marketing au sein de l\u2019institut LINK \u00e0 Zurich. \u00c0 Gen\u00e8ve, il pr\u00e9sentera les r\u00e9sultats d\u2019une \u00e9tude de march\u00e9 repr\u00e9sentative r\u00e9alis\u00e9e sur mandat de l\u2019Union professionnelle suisse de l\u2019automobile (UPSA) et r\u00e9alis\u00e9e par son institut en octobre 2019 aupr\u00e8s de plus de 1000&nbsp;automobilistes suisses. <br> <\/p>\n\n\n\n<hr class=\"wp-block-separator\"\/>\n\n\n\n<p style=\"font-size:24px\"> Jeudi 12&nbsp;mars&nbsp;2020, 11&nbsp;h&nbsp;30 &#8211; 12&nbsp;h&nbsp;15<br><strong>\u00abComment se calcule la mobilit\u00e9\u00bb<\/strong> <\/p>\n\n\n\n<figure class=\"wp-block-image size-large is-resized\"><img loading=\"lazy\" decoding=\"async\" src=\"https:\/\/www.cng-mobility.ch\/wp-content\/uploads\/2020\/02\/05_Wittweiler__Carrillat_800x400px.jpg\" alt=\"\" class=\"wp-image-6937\" width=\"800\" height=\"400\" srcset=\"https:\/\/www.cng-mobility.ch\/wp-content\/uploads\/2020\/02\/05_Wittweiler__Carrillat_800x400px.jpg 800w, https:\/\/www.cng-mobility.ch\/wp-content\/uploads\/2020\/02\/05_Wittweiler__Carrillat_800x400px-300x150.jpg 300w, https:\/\/www.cng-mobility.ch\/wp-content\/uploads\/2020\/02\/05_Wittweiler__Carrillat_800x400px-768x384.jpg 768w, https:\/\/www.cng-mobility.ch\/wp-content\/uploads\/2020\/02\/05_Wittweiler__Carrillat_800x400px-400x200.jpg 400w\" sizes=\"(max-width: 800px) 100vw, 800px\" \/><\/figure>\n\n\n\n<p> En tant que Country Sustainability Manager, <strong>Patrick&nbsp;Wittweiler<\/strong> a pour responsabilit\u00e9 d\u2019appliquer la strat\u00e9gie de d\u00e9veloppement durable de Coca-Cola en Suisse. La r\u00e9duction des \u00e9missions de CO<sub>2<\/sub> est un \u00e9l\u00e9ment cl\u00e9 des objectifs de d\u00e9veloppement durable de la soci\u00e9t\u00e9. Dans ce cadre, Coca-Cola Suisse mise \u00e9galement sur la mobilit\u00e9 GNC. Sous la direction de Patrick&nbsp;Wittweiler, l\u2019entreprise a r\u00e9cemment remplac\u00e9 une grande partie de sa flotte de v\u00e9hicules. Cette op\u00e9ration a n\u00e9cessit\u00e9 une longue p\u00e9riode d&#8217;\u00e9valuation afin de garantir un \u00e9quilibre optimal entre \u00e9conomie et \u00e9cologie. Patrick&nbsp;Wittweiler pr\u00e9sentera les crit\u00e8res qui viennent influencer une d\u00e9cision si cons\u00e9quente et les m\u00e9thodes actuelles de calcul pour une mobilit\u00e9 plus durable.  <\/p>\n\n\n\n<p> \u00c0 la fin de la conf\u00e9rence, <strong>Jean-Christophe&nbsp;Carrillat<\/strong>, Purchasing Director de L\u2019Or\u00e9al Suisse, r\u00e9pondra aux questions des animateurs. Tout comme Coca-Cola, L\u2019Or\u00e9al Suisse a aussi remplac\u00e9 une partie de sa flotte par des v\u00e9hicules GNC. Jean-Christophe&nbsp;Carrillat s\u2019exprimera en exclusivit\u00e9 sur ses exp\u00e9riences dans ce cadre. <br> <\/p>\n\n\n\n<h3 class=\"wp-block-heading\"><strong>Nous vous souhaitons une cordiale bienvenue!<\/strong> <\/h3>\n\n\n\n<p>Les conf\u00e9rences sont publiques, mais le nombre de places est limit\u00e9 et seules 200&nbsp;places assises sont disponibles au maximum. \u00c0 la fin des conf\u00e9rences, les orateurs se tiendront \u00e0 disposition pour toute question ou tout \u00e9change d\u2019informations professionnelles au stand de gazenergie (stand&nbsp;6120) dans la halle&nbsp;6\/GIMS-Tech. Profitez vous aussi de cette occasion.  <\/p>\n\n\n\n<p>Nous vous prions de vous inscrire afin de pouvoir proposer une organisation optimale.  <\/p>\n\n\n\n\n<div class=\"wpcf7 no-js\" id=\"wpcf7-f6927-o1\" lang=\"de-DE\" dir=\"ltr\">\n<div class=\"screen-reader-response\"><p role=\"status\" aria-live=\"polite\" aria-atomic=\"true\"><\/p> <ul><\/ul><\/div>\n<form action=\"\/fr\/wp-json\/wp\/v2\/pages\/6950#wpcf7-f6927-o1\" method=\"post\" class=\"wpcf7-form init cmonitor-ext-0.4.67\" aria-label=\"Kontaktformular\" novalidate=\"novalidate\" data-status=\"init\">\n<div style=\"display: none;\">\n<input type=\"hidden\" name=\"_wpcf7\" value=\"6927\" \/>\n<input type=\"hidden\" name=\"_wpcf7_version\" value=\"5.9.3\" \/>\n<input type=\"hidden\" name=\"_wpcf7_locale\" value=\"de_DE\" \/>\n<input type=\"hidden\" name=\"_wpcf7_unit_tag\" value=\"wpcf7-f6927-o1\" \/>\n<input type=\"hidden\" name=\"_wpcf7_container_post\" value=\"0\" \/>\n<input type=\"hidden\" name=\"_wpcf7_posted_data_hash\" value=\"\" \/>\n<input type=\"hidden\" name=\"_wpcf7_recaptcha_response\" value=\"\" \/>\n<\/div>\n<p><label class=\"checkboxlabel\">Je souhaite suivre la\/les conf\u00e9rence(s) suivante(s):<\/label>\n<\/p>\n<p><span class=\"wpcf7-form-control-wrap\" data-name=\"checkbox-842\"><span class=\"wpcf7-form-control wpcf7-checkbox wpcf7-validates-as-required\"><span class=\"wpcf7-list-item first\"><label><input type=\"checkbox\" name=\"checkbox-842[]\" value=\"Jeudi 5 mars, 13 h 15 \u2013 14 h 00 (Jens Andersen)\" \/><span class=\"wpcf7-list-item-label\">Jeudi 5 mars, 13 h 15 \u2013 14 h 00 (Jens Andersen)<\/span><\/label><\/span><span class=\"wpcf7-list-item\"><label><input type=\"checkbox\" name=\"checkbox-842[]\" value=\"Mardi 10 mars, 11 h 30 \u2013 12 h 15 (Christian Bach)\" \/><span class=\"wpcf7-list-item-label\">Mardi 10 mars, 11 h 30 \u2013 12 h 15 (Christian Bach)<\/span><\/label><\/span><span class=\"wpcf7-list-item\"><label><input type=\"checkbox\" name=\"checkbox-842[]\" value=\"Mercredi 11 mars, 11 h 30 \u2013 12 h 15 (Stefan Reiser)\" \/><span class=\"wpcf7-list-item-label\">Mercredi 11 mars, 11 h 30 \u2013 12 h 15 (Stefan Reiser)<\/span><\/label><\/span><span class=\"wpcf7-list-item last\"><label><input type=\"checkbox\" name=\"checkbox-842[]\" value=\"Jeudi 12 mars, 11 h 30 \u2013 12 h 15 (Patrick Wittweiler \/ Jean-Christophe Carrillat)\" \/><span class=\"wpcf7-list-item-label\">Jeudi 12 mars, 11 h 30 \u2013 12 h 15 (Patrick Wittweiler \/ Jean-Christophe Carrillat)<\/span><\/label><\/span><\/span><\/span>\n<\/p>\n<p><span class=\"wpcf7-form-control-wrap\" data-name=\"checkbox-673\"><span class=\"wpcf7-form-control wpcf7-checkbox\"><span class=\"wpcf7-list-item first last\"><label><input type=\"checkbox\" name=\"checkbox-673[]\" value=\"Je profiterai ensuite de l\u2019occasion pour d\u00e9couvrir le stand de gazenergie (ap\u00e9ritif).\" \/><span class=\"wpcf7-list-item-label\">Je profiterai ensuite de l\u2019occasion pour d\u00e9couvrir le stand de gazenergie (ap\u00e9ritif).<\/span><\/label><\/span><\/span><\/span>\n<\/p>\n<p><label> Nom*<br \/>\n<span class=\"wpcf7-form-control-wrap\" data-name=\"nachname\"><input size=\"40\" class=\"wpcf7-form-control wpcf7-text wpcf7-validates-as-required\" aria-required=\"true\" aria-invalid=\"false\" value=\"\" type=\"text\" name=\"nachname\" \/><\/span> <\/label>\n<\/p>\n<p><label> Pr\u00e9nom*<br \/>\n<span class=\"wpcf7-form-control-wrap\" data-name=\"vorname\"><input size=\"40\" class=\"wpcf7-form-control wpcf7-text wpcf7-validates-as-required\" aria-required=\"true\" aria-invalid=\"false\" value=\"\" type=\"text\" name=\"vorname\" \/><\/span> <\/label>\n<\/p>\n<p><label> Entreprise<br \/>\n<span class=\"wpcf7-form-control-wrap\" data-name=\"firma\"><input size=\"40\" class=\"wpcf7-form-control wpcf7-text\" aria-invalid=\"false\" value=\"\" type=\"text\" name=\"firma\" \/><\/span> <\/label>\n<\/p>\n<p><label> Adresse e-mail*<br \/>\n<span class=\"wpcf7-form-control-wrap\" data-name=\"email\"><input size=\"40\" class=\"wpcf7-form-control wpcf7-email wpcf7-validates-as-required wpcf7-text wpcf7-validates-as-email\" aria-required=\"true\" aria-invalid=\"false\" value=\"\" type=\"email\" name=\"email\" \/><\/span> <\/label>\n<\/p>\n<p><span class=\"wpcf7-form-control-wrap\" data-name=\"checkbox-467\"><span class=\"wpcf7-form-control wpcf7-checkbox\"><span class=\"wpcf7-list-item first last\"><label><input type=\"checkbox\" name=\"checkbox-467[]\" value=\"Je souhaite recevoir la newsletter GNC tous les mois.\" \/><span class=\"wpcf7-list-item-label\">Je souhaite recevoir la newsletter GNC tous les mois.<\/span><\/label><\/span><\/span><\/span>\n<\/p>\n<p><input class=\"wpcf7-form-control wpcf7-submit has-spinner\" type=\"submit\" value=\"Senden\" \/>\n<\/p><div class=\"wpcf7-response-output\" aria-hidden=\"true\"><\/div><p style=\"display: none !important\"><span class=\"wpcf7-form-control-wrap referer-page\"><input type=\"text\" name=\"referer-page\" value=\"http:\/\/Direct%20Visit\" data-value=\"http:\/\/Direct%20Visit\" size=\"40\" class=\"wpcf7-form-control wpcf7-text referer-page\" aria-invalid=\"false\"><\/span><\/p>\n<!-- campaignmonitor extension by Renzo Johnson -->\n<\/form>\n<\/div>\n\n","protected":false},"excerpt":{"rendered":"<p>Aucun \u00e9v\u00e9nement en lien avec l\u2019automobile n\u2019occupe une place aussi importante que le \u00abGeneva International Motor Show\u00bb (GIMS) en Suisse. Et ce \u00e0 plus forte raison du 5 au 15&nbsp;mars&nbsp;2020, puisque le Salon de l\u2019auto se muera en un rendez-vous incontournable de la mobilit\u00e9. Au c\u0153ur de l\u2019action, la mobilit\u00e9 GNC proposera toute une s\u00e9rie [&hellip;]<\/p>\n","protected":false},"author":6,"featured_media":7220,"parent":0,"menu_order":0,"comment_status":"closed","ping_status":"closed","template":"","meta":{"_acf_changed":false,"inline_featured_image":false,"footnotes":""},"acf":[],"aioseo_notices":[],"_links":{"self":[{"href":"https:\/\/www.cng-mobility.ch\/fr\/wp-json\/wp\/v2\/pages\/6950"}],"collection":[{"href":"https:\/\/www.cng-mobility.ch\/fr\/wp-json\/wp\/v2\/pages"}],"about":[{"href":"https:\/\/www.cng-mobility.ch\/fr\/wp-json\/wp\/v2\/types\/page"}],"author":[{"embeddable":true,"href":"https:\/\/www.cng-mobility.ch\/fr\/wp-json\/wp\/v2\/users\/6"}],"replies":[{"embeddable":true,"href":"https:\/\/www.cng-mobility.ch\/fr\/wp-json\/wp\/v2\/comments?post=6950"}],"version-history":[{"count":4,"href":"https:\/\/www.cng-mobility.ch\/fr\/wp-json\/wp\/v2\/pages\/6950\/revisions"}],"predecessor-version":[{"id":7223,"href":"https:\/\/www.cng-mobility.ch\/fr\/wp-json\/wp\/v2\/pages\/6950\/revisions\/7223"}],"wp:featuredmedia":[{"embeddable":true,"href":"https:\/\/www.cng-mobility.ch\/fr\/wp-json\/wp\/v2\/media\/7220"}],"wp:attachment":[{"href":"https:\/\/www.cng-mobility.ch\/fr\/wp-json\/wp\/v2\/media?parent=6950"}],"curies":[{"name":"wp","href":"https:\/\/api.w.org\/{rel}","templated":true}]}}