{"id":5263,"date":"2019-04-17T10:21:00","date_gmt":"2019-04-17T08:21:00","guid":{"rendered":"https:\/\/www.cng-mobility.ch\/?page_id=5263"},"modified":"2023-11-03T19:18:58","modified_gmt":"2023-11-03T18:18:58","slug":"utilitaires-legers","status":"publish","type":"page","link":"https:\/\/www.cng-mobility.ch\/fr\/utilitaires-legers\/","title":{"rendered":"Circulation plus respectueuse du climat en centre-ville gr\u00e2ce au GNC"},"content":{"rendered":"\n<p>Silence, propret\u00e9, absence d\u2019\u00e9missions de particules fines lors de la combustion: il existe de nombreux arguments en faveur de la propulsion au GNC pour les v\u00e9hicules utilitaires l\u00e9gers. Leurs files circulant chaque jour en ville pour assurer les livraisons ne raccourciront pas, mais peut-\u00eatre se feront-elles plus discr\u00e8tes et plus propres gr\u00e2ce au GNC.<\/p>\n\n\n\n<p>L\u2019enjeu est le m\u00eame pour les v\u00e9hicules\nmunicipaux des villes et des communes, pour lesquels les facteurs durabilit\u00e9 et\nco\u00fbts sont particuli\u00e8rement importants. Les v\u00e9hicules GNC sont en effet tr\u00e8s\nbien class\u00e9s, que ce soit en termes d\u2019\u00e9cobilan ou de co\u00fbts. <\/p>\n\n\n\n<h2 class=\"wp-block-heading\">Aper\u00e7u de la gamme actuelle de v\u00e9hicules utilitaires jusqu&#8217;\u00e0 3,5 tonnes fonctionnant au GNC<\/h2>\n\n\n<div class=\"tableoverview\">\n<p>\u00a0<\/p>\n<table style=\"border-collapse: collapse; width: 100%; height: 1386px;\" border=\"1\">\n<tbody>\n<tr style=\"height: 176px;\">\n<td style=\"width: 25%; vertical-align: bottom; height: 176px;\"><a href=\"https:\/\/www.cng-mobility.ch\/fr\/voiture\/iveco-daily-fourgon-gnc\/\">Iveco Daily fourgon GNC<\/a> <a href=\"https:\/\/www.cng-mobility.ch\/fr\/voiture\/iveco-daily-fourgon-gnc\/\"><img loading=\"lazy\" decoding=\"async\" class=\"alignnone wp-image-20502 size-full\" src=\"https:\/\/www.cng-mobility.ch\/wp-content\/uploads\/2021\/12\/Iveco-Daily-Kastenwagen_300x169.jpg\" alt=\"\" width=\"300\" height=\"169\" \/><\/a><\/td>\n<td style=\"width: 25%; vertical-align: bottom; height: 176px;\"><a href=\"https:\/\/www.cng-mobility.ch\/fr\/voiture\/iveco-daily-chassis-cabine-simple-cabine-gnc\/\">Iveco Daily Ch\u00e2ssis-Cabine simple cabine GNC<\/a>\u00a0<a href=\"https:\/\/www.cng-mobility.ch\/fr\/voiture\/iveco-daily-chassis-cabine-simple-cabine-gnc\/\"><img loading=\"lazy\" decoding=\"async\" class=\"alignnone wp-image-20506 size-full\" src=\"https:\/\/www.cng-mobility.ch\/wp-content\/uploads\/2021\/12\/Iveco-Daily-Fahrgestell_300x169.jpg\" alt=\"\" width=\"300\" height=\"169\" \/><\/a><\/td>\n<td style=\"width: 25%; vertical-align: bottom; height: 176px;\"><a href=\"https:\/\/www.cng-mobility.ch\/fr\/voiture\/iveco-daily-chassis-cabine-double-cabine-gnc\/\">Iveco Daily Ch\u00e2ssis-Cabine double cabine GNC<br \/><img loading=\"lazy\" decoding=\"async\" class=\"alignnone wp-image-20509 size-full\" src=\"https:\/\/www.cng-mobility.ch\/wp-content\/uploads\/2021\/12\/Iveco-Daily-Doppelkabine_300x169.jpg\" alt=\"\" width=\"300\" height=\"169\" \/><\/a><\/td>\n<\/tr>\n<tr>\n<td style=\"width: 25%;\">\n<p><a href=\"https:\/\/www.cng-mobility.ch\/fr\/voiture\/piaggio-porter-np6\/\">Piaggio Porter NP6<img loading=\"lazy\" decoding=\"async\" class=\"alignnone size-full wp-image-15354\" src=\"https:\/\/www.cng-mobility.ch\/wp-content\/uploads\/2021\/03\/piaggio_porter_300x169.jpg\" alt=\"\" width=\"300\" height=\"169\" \/><\/a><\/p>\n<\/td>\n<td style=\"width: 25%; vertical-align: bottom; height: 176px;\">\u00a0<\/td>\n<td style=\"vertical-align: bottom; width: 25%; height: 176px;\">\u00a0<\/td>\n<\/tr>\n<tr style=\"height: 155px;\">\n<td style=\"width: 25%; vertical-align: bottom; height: 155px;\"><a href=\"\/fr\/voiture\/linde-gabelstapler-h20-cng\/\">Linde Chariot H20 CNG<\/a> <a href=\"\/fr\/voiture\/linde-gabelstapler-h20-cng\/\"><img loading=\"lazy\" decoding=\"async\" class=\"alignnone wp-image-1557 size-full\" src=\"\/wp-content\/uploads\/2019\/04\/NFZ_kleintrans_packshot300x169__0008_Linde.jpg\" alt=\"\" width=\"300\" height=\"169\" \/><\/a><\/td>\n<td style=\"width: 25%; vertical-align: bottom; height: 155px;\"><a href=\"\/fr\/voiture\/linde-chariot-h20-600-cng\/\">Linde Chariot H20\/600 CNG<\/a> <a href=\"\/fr\/voiture\/linde-chariot-h20-600-cng\/\"><img loading=\"lazy\" decoding=\"async\" class=\"alignnone wp-image-8015 size-full\" src=\"https:\/\/www.cng-mobility.ch\/wp-content\/uploads\/2020\/02\/linde_h20_600_300x169.jpg\" alt=\"\" width=\"300\" height=\"169\" \/><\/a><\/td>\n<td style=\"width: 25%; vertical-align: bottom; height: 155px;\"><a href=\"\/fr\/voiture\/linde-chariot-h25-cng\/\">Linde Chariot H25 CNG<\/a> <a href=\"\/fr\/voiture\/linde-chariot-h25-cng\/\"><img loading=\"lazy\" decoding=\"async\" class=\"alignnone wp-image-8018 size-full\" src=\"https:\/\/www.cng-mobility.ch\/wp-content\/uploads\/2020\/02\/linde_H25_300x169.jpg\" alt=\"\" width=\"300\" height=\"169\" \/><\/a><\/td>\n<\/tr>\n<tr style=\"height: 134px;\">\n<td style=\"width: 25%; vertical-align: bottom; height: 134px;\">\n<p><a href=\"\/fr\/voiture\/linde-chariot-h30-cng\/\">Linde Chariot H30 CNG<\/a> <a href=\"\/fr\/voiture\/linde-chariot-h30-cng\/\"><img loading=\"lazy\" decoding=\"async\" class=\"alignnone wp-image-8021 size-full\" src=\"https:\/\/www.cng-mobility.ch\/wp-content\/uploads\/2020\/02\/linde_H30_300x169.jpg\" alt=\"\" width=\"300\" height=\"169\" \/><\/a><\/p>\n<\/td>\n<td style=\"width: 25%; vertical-align: bottom; height: 134px;\">\u00a0<\/td>\n<td style=\"width: 25%; vertical-align: bottom; height: 134px;\">\u00a0<\/td>\n<\/tr>\n<tr style=\"height: 155px;\">\n<td style=\"width: 25%; vertical-align: bottom; height: 155px;\"><a href=\"\/fr\/voiture\/new-holland-t6-methan-power\/\">New Holland T6 Methan Power<\/a> <a href=\"\/fr\/voiture\/new-holland-t6-methan-power\/\"><img loading=\"lazy\" decoding=\"async\" class=\"alignnone wp-image-20251 size-full\" src=\"https:\/\/www.cng-mobility.ch\/wp-content\/uploads\/2021\/12\/Traktor_FR_300x169.jpg\" alt=\"\" width=\"300\" height=\"169\" \/><\/a><\/td>\n<td style=\"width: 25%;\"><a href=\"https:\/\/www.cng-mobility.ch\/fr\/voiture\/new-holland-t7-methan-power\/\">New Holland T7 Methan Power <\/a><img loading=\"lazy\" decoding=\"async\" class=\"alignnone wp-image-33682 size-full\" src=\"https:\/\/www.cng-mobility.ch\/wp-content\/uploads\/2023\/11\/T7-CNG_300x169-2.jpg\" alt=\"\" width=\"300\" height=\"169\" \/><\/td>\n<td style=\"width: 25%;\"><a href=\"https:\/\/www.cng-mobility.ch\/fr\/voiture\/new-holland-t7-methane-power-lng\/\">New Holland T7 Methan Power LNG <\/a><a href=\"https:\/\/www.cng-mobility.ch\/fr\/voiture\/new-holland-t7-methane-power-lng\/\"><img loading=\"lazy\" decoding=\"async\" class=\"alignnone wp-image-27925 size-full\" src=\"https:\/\/www.cng-mobility.ch\/wp-content\/uploads\/2022\/12\/LNG-Traktor-300x169-1.png\" alt=\"\" width=\"300\" height=\"169\" \/><\/a><\/td>\n<\/tr>\n<tr style=\"height: 155px;\">\n<td style=\"width: 25%;\"><a href=\"https:\/\/www.cng-mobility.ch\/fr\/voiture\/new-holland-tk\/\">New Holland TK<\/a><a href=\"https:\/\/www.cng-mobility.ch\/fr\/voiture\/new-holland-tk\/\"><img loading=\"lazy\" decoding=\"async\" class=\"alignnone wp-image-20792 size-full\" src=\"https:\/\/www.cng-mobility.ch\/wp-content\/uploads\/2022\/01\/FPT-Raupentraktor-300x169-1.jpg\" alt=\"\" width=\"300\" height=\"169\" \/><\/a><\/td>\n<td style=\"width: 25%;\"><a href=\"https:\/\/www.cng-mobility.ch\/fr\/voiture\/auga-m1\/\">Auga M1<\/a> <a href=\"https:\/\/www.cng-mobility.ch\/fr\/voiture\/auga-m1\/\"><img loading=\"lazy\" decoding=\"async\" class=\"alignnone wp-image-20710 size-full\" src=\"https:\/\/www.cng-mobility.ch\/wp-content\/uploads\/2022\/01\/Agua-CNG-300x141-1.jpg\" alt=\"\" width=\"300\" height=\"141\" \/><\/a><\/td>\n<td style=\"width: 25%;\">\u00a0<\/td>\n<\/tr>\n<tr style=\"height: 259px;\">\n<td style=\"width: 25%; vertical-align: bottom; height: 259px;\">\n<p><a href=\"https:\/\/www.cng-mobility.ch\/fr\/voiture\/balayeuse-de-rue-dulevo-6000-cng\/\">Dulevo 600 CNG<\/a><\/p>\n<p><a href=\"https:\/\/www.cng-mobility.ch\/fr\/voiture\/balayeuse-de-rue-dulevo-6000-cng\/\"><img loading=\"lazy\" decoding=\"async\" class=\"alignnone size-full wp-image-8535\" src=\"https:\/\/www.cng-mobility.ch\/wp-content\/uploads\/2020\/03\/20200316_6000_Ambientata_300x169.jpg\" alt=\"Dulevo\" width=\"300\" height=\"169\" \/><\/a><\/p>\n<\/td>\n<td style=\"width: 25%; vertical-align: bottom; height: 259px;\">\n<p><a href=\"https:\/\/www.cng-mobility.ch\/fr\/voiture\/europe-service-cleango-cng\/\">Europe Service CleaNGo CNG<\/a><\/p>\n<p><a href=\"https:\/\/www.cng-mobility.ch\/fr\/voiture\/europe-service-cleango-cng\/\"><img loading=\"lazy\" decoding=\"async\" class=\"alignnone size-full wp-image-8541\" src=\"https:\/\/www.cng-mobility.ch\/wp-content\/uploads\/2020\/03\/20200316_euroservice_cleanNgo_300x169.jpg\" alt=\"\" width=\"300\" height=\"169\" \/><\/a><\/p>\n<\/td>\n<td style=\"width: 25%; vertical-align: bottom; height: 259px;\">\u00a0<\/td>\n<\/tr>\n<\/tbody>\n<\/table>\n<\/div>\n\n\n<h5 class=\"wp-block-heading\"><strong>Vous trouverez \u00e9galement ici des informations sur <a href=\"https:\/\/www.cng-mobility.ch\/fr\/voitures-de-tourisme\/\">les voitures de tourisme<\/a>, <a href=\"https:\/\/www.cng-mobility.ch\/fr\/silencieux-puissants-et-respectueux-du-climat-les-camions-gnc-et-gnl\/\">les camions<\/a> et <a href=\"https:\/\/www.cng-mobility.ch\/fr\/bus-respectueux-de-lenvironnement-pour-les-transports-publics\/\">les bus<\/a> GNC.<\/strong><\/h5>\n\n\n\n<h2 class=\"wp-block-heading\">Aper\u00e7u des mod\u00e8les pr\u00e9c\u00e9dents attrayants<br>avec propulsion au GNC<\/h2>\n\n\n<div class=\"tableoverview\">\n<table style=\"border-collapse: collapse; width: 100%; height: 1386px;\" border=\"1\">\n<tbody>\n<tr>\n<td style=\"width: 33.3333%;\"><a href=\"\/fr\/voiture\/fiat-fiorino-combi-cargo-1-4-natural-power\/\">Fiat Fiorino Combi\/Cargo 1.4 Natural Power<\/a> <a href=\"\/fr\/voiture\/fiat-fiorino-combi-cargo-1-4-natural-power\/\"><img loading=\"lazy\" decoding=\"async\" class=\"alignnone wp-image-1534 size-full\" src=\"\/wp-content\/uploads\/2019\/04\/NFZ_kleintrans_packshot300x169__0004_Fiat_Fiorino.jpg\" alt=\"\" width=\"300\" height=\"169\" \/><\/a><\/td>\n<td style=\"width: 33.3333%;\"><a href=\"\/fr\/voiture\/fiat-doblo-cargo-1-4-natural-power\/\">Fiat Dobl\u00f2 Cargo 1.4 Natural Power<\/a> <a href=\"\/fr\/voiture\/fiat-doblo-cargo-1-4-natural-power\/\"><img loading=\"lazy\" decoding=\"async\" class=\"alignnone wp-image-1976 size-full\" src=\"\/wp-content\/uploads\/2019\/06\/NFZ_kleintrans_packshot300x169__0002_Fiat_Doblo_Cargo_Maxi.jpg\" alt=\"\" width=\"300\" height=\"169\" \/><\/a><\/td>\n<td style=\"width: 33.3333%;\"><a href=\"\/fr\/voiture\/fiat-ducato-136-natural-power\/\">Fiat Ducato 136 Natural Power<br \/><\/a> <a href=\"\/fr\/voiture\/fiat-ducato-136-natural-power\/\"><img loading=\"lazy\" decoding=\"async\" class=\"alignnone wp-image-1549 size-full\" src=\"\/wp-content\/uploads\/2019\/04\/NFZ_kleintrans_packshot300x169__0003_Fiat_Ducato.jpg\" alt=\"\" width=\"300\" height=\"169\" \/><\/a><\/td>\n<\/tr>\n<tr style=\"height: 155px;\">\n<td style=\"width: 33.3333%; vertical-align: bottom; height: 155px;\"><a href=\"\/fr\/voiture\/piaggio-porter-gnc\/\">Piaggio Porter CNG<\/a> <a href=\"\/fr\/voiture\/piaggio-porter-gnc\/\"><img loading=\"lazy\" decoding=\"async\" class=\"alignnone wp-image-1555 size-full\" src=\"\/wp-content\/uploads\/2019\/04\/NFZ_kleintrans_packshot300x169__0010_Piaggio-Porter.jpg\" alt=\"\" width=\"300\" height=\"169\" \/><\/a><\/td>\n<td style=\"width: 33.3333%; vertical-align: bottom; height: 155px;\"><a href=\"\/fr\/voiture\/piaggio-porter-maxxi-gnc\/\">Piaggio Porter Maxxi CNG<\/a> <a href=\"\/fr\/voiture\/piaggio-porter-maxxi-gnc\/\"><img loading=\"lazy\" decoding=\"async\" class=\"alignnone wp-image-1556 size-full\" src=\"\/wp-content\/uploads\/2019\/04\/NFZ_kleintrans_packshot300x169__0009_Piaggio_Maxxi.jpg\" alt=\"\" width=\"300\" height=\"169\" \/><\/a><\/td>\n<td style=\"width: 33.3333%; vertical-align: bottom; height: 155px;\">\u00a0<\/td>\n<\/tr>\n<tr>\n<td style=\"width: 33.3333%;\"><a href=\"\/fr\/voiture\/vw-caddy-kastenwagen-caddy-kastenwagen-maxi-1-4-tgi\/\">VW Caddy Kombi \/ Caddy Kombi Maxi 1.4 TGI<\/a> <a href=\"\/fr\/voiture\/vw-caddy-kastenwagen-caddy-kastenwagen-maxi-1-4-tgi\/\"><img loading=\"lazy\" decoding=\"async\" class=\"alignnone wp-image-1553 size-full\" src=\"\/wp-content\/uploads\/2019\/04\/NFZ_kleintrans_packshot300x169__0006_VW_Caddy.jpg\" alt=\"\" width=\"300\" height=\"169\" \/><\/a><\/td>\n<td style=\"width: 33.3333%;\"><a href=\"\/fr\/voiture\/vw-new-caddy-kombi-caddy-maxi-kombi\/\">VW New Caddy Kombi\/<br \/>Caddy Maxi Kombi<\/a> <a href=\"\/fr\/voiture\/vw-new-caddy-kombi-caddy-maxi-kombi\/\"><img loading=\"lazy\" decoding=\"async\" class=\"alignnone wp-image-18636 size-full\" src=\"https:\/\/www.cng-mobility.ch\/wp-content\/uploads\/2021\/09\/vw_caddy_cargo_2022_FR_361x169.jpg\" alt=\"\" width=\"361\" height=\"169\" srcset=\"https:\/\/www.cng-mobility.ch\/wp-content\/uploads\/2021\/09\/vw_caddy_cargo_2022_FR_361x169.jpg 361w, https:\/\/www.cng-mobility.ch\/wp-content\/uploads\/2021\/09\/vw_caddy_cargo_2022_FR_361x169-300x140.jpg 300w\" sizes=\"(max-width: 361px) 100vw, 361px\" \/><\/a><\/td>\n<td style=\"width: 33.3333%; vertical-align: bottom;\">\u00a0<\/td>\n<\/tr>\n<\/tbody>\n<\/table>\n<\/div>\n\n\n<p><\/p>\n\n\n\n<h2 class=\"has-text-align-center wp-block-heading\"><br>D\u00e9couvrez ce que vous pouvez optimiser  <\/h2>\n\n\n\n<div class=\"wp-block-button aligncenter\"><a class=\"wp-block-button__link\" href=\"https:\/\/www.cng-mobility.ch\/fr\/bon-pour-lenvironnement-et-le-budget\/\">Calculateur de carburant<\/a><\/div>\n","protected":false},"excerpt":{"rendered":"<p>Silence, propret\u00e9, absence d\u2019\u00e9missions de particules fines lors de la combustion: il existe de nombreux arguments en faveur de la propulsion au GNC pour les v\u00e9hicules utilitaires l\u00e9gers. Leurs files circulant chaque jour en ville pour assurer les livraisons ne raccourciront pas, mais peut-\u00eatre se feront-elles plus discr\u00e8tes et plus propres gr\u00e2ce au GNC. L\u2019enjeu [&hellip;]<\/p>\n","protected":false},"author":8,"featured_media":5738,"parent":0,"menu_order":0,"comment_status":"closed","ping_status":"closed","template":"","meta":{"_acf_changed":false,"inline_featured_image":false,"footnotes":""},"categories":[178],"acf":[],"aioseo_notices":[],"_links":{"self":[{"href":"https:\/\/www.cng-mobility.ch\/fr\/wp-json\/wp\/v2\/pages\/5263"}],"collection":[{"href":"https:\/\/www.cng-mobility.ch\/fr\/wp-json\/wp\/v2\/pages"}],"about":[{"href":"https:\/\/www.cng-mobility.ch\/fr\/wp-json\/wp\/v2\/types\/page"}],"author":[{"embeddable":true,"href":"https:\/\/www.cng-mobility.ch\/fr\/wp-json\/wp\/v2\/users\/8"}],"replies":[{"embeddable":true,"href":"https:\/\/www.cng-mobility.ch\/fr\/wp-json\/wp\/v2\/comments?post=5263"}],"version-history":[{"count":37,"href":"https:\/\/www.cng-mobility.ch\/fr\/wp-json\/wp\/v2\/pages\/5263\/revisions"}],"predecessor-version":[{"id":33697,"href":"https:\/\/www.cng-mobility.ch\/fr\/wp-json\/wp\/v2\/pages\/5263\/revisions\/33697"}],"wp:featuredmedia":[{"embeddable":true,"href":"https:\/\/www.cng-mobility.ch\/fr\/wp-json\/wp\/v2\/media\/5738"}],"wp:attachment":[{"href":"https:\/\/www.cng-mobility.ch\/fr\/wp-json\/wp\/v2\/media?parent=5263"}],"wp:term":[{"taxonomy":"category","embeddable":true,"href":"https:\/\/www.cng-mobility.ch\/fr\/wp-json\/wp\/v2\/categories?post=5263"}],"curies":[{"name":"wp","href":"https:\/\/api.w.org\/{rel}","templated":true}]}}